{"id":976,"date":"2022-05-28T22:09:31","date_gmt":"2022-05-28T20:09:31","guid":{"rendered":"https:\/\/alb-www.fdd-cf.com\/?page_id=976"},"modified":"2025-06-27T10:09:59","modified_gmt":"2025-06-27T08:09:59","slug":"sustainable-food","status":"publish","type":"page","link":"https:\/\/www.fdd-cf.com\/en\/sustainable-food\/","title":{"rendered":"Sustainable food"},"content":{"rendered":"<section id=\"\" class=\"relative bg-white overflow-hidden section-page-header\">\n  <div class=\"container\">\n    <div class=\"flex flex-col md:flex-row\">\n      <div class=\"text-left md:w-1\/2 relative md:min-h-[720px] md:order-2\">\n        <div class=\"md:absolute w-full md:h-[720px] md:left-0 md:aspect-square xl:aspect-auto md:w-[50vw] md:top-0\">\n          <img loading=\"lazy\" decoding=\"async\" width=\"720\" height=\"528\" src=\"https:\/\/www.fdd-cf.com\/wp-content\/uploads\/2022\/06\/alimentation-durable.jpg\" class=\"w-full md:object-cover md:h-full\" alt=\"\" srcset=\"https:\/\/www.fdd-cf.com\/wp-content\/uploads\/2022\/06\/alimentation-durable.jpg 720w, https:\/\/www.fdd-cf.com\/wp-content\/uploads\/2022\/06\/alimentation-durable-300x220.jpg 300w\" sizes=\"auto, (max-width: 720px) 100vw, 720px\" \/>\n        <\/div>\n      <\/div>\n      <div class=\"text-left md:w-1\/2 md:order-1 md:pr-48\">\n        <h1 class=\"text-black mt-32 md:mt-56 mb-40 pb-32 text-left font-display after:left-0 after:bg-orange after:translate-x-0\">\n          Sustainable food\n        <\/h1>\n        <div class=\"prose prose-li:my-0\">\n          <p>The number of people affected by hunger globally rose to as many as\u00a0<strong>828 million<\/strong>\u00a0in 2021, an increase of about\u00a0<strong>46 million<\/strong>\u00a0since 2020 and\u00a0<strong>150 million<\/strong>\u00a0since the outbreak of the COVID-19 pandemic, according to a United Nations report.<\/p>\n<p>At the same time, more than 2 billion children and adults suffer from health problems related to being overweight or obese, factors for the appearance of diseases (cholesterol, hypertension, diabetes &#8230;.).<br \/>\nContributing to the improvement of food and nutritional security of vulnerable populations is an important lever for preventing health problems.<br \/>\nThe food system is responsible for one third of greenhouse gas emissions and 90% of deforestation worldwide. Producing well and therefore eating well are today also essential to ensure the survival of ecosystems and biodiversity.<\/p>\n<p class=\"mb-0\">At the Compagnie Fruitiere Foundation, our three areas of focus are :<\/p>\n<ul class=\"my-0\">\n<li class=\"my-0\">Human health &amp; Food safety<\/li>\n<li class=\"my-0\">Nutrition Education<\/li>\n<li class=\"my-0\">Resilient family farming &amp; Biodiversity<\/li>\n<\/ul>\n\n        <\/div>\n      <\/div>\n    <\/div>\n  <\/div>\n<\/section>\n\n\n<div id=\"menu-sticky\" @scroll.window.throttle.100ms=\"handleScroll\" x-data=\"menuAnchor()\" :class=\"{'translate-y-60 md:translate-y-76 lg:translate-y-110' : (hasScrolledDownSticky &#038;&#038; !scrollDown )}\" class=\"w-full  duration-300 transition-transform ease-in-out sticky  top-0  inset-x-0 flex justify-between items-center z-30 bg-white\">\n  <div class=\"container px-0\">\n          <div class=\"sticky max-w-[100vw] w-full flex flex-nowrap items-center md:justify-center overflow-x-scroll\">\n                  <a class=\"inline-block pb-24 pt-32 mx-12 text-[18px] font-medium text-gris-500 hover:text-orange\/80\" href=\"#areas-of-focus\" data-id=\"areas-of-focus\">Areas of focus<\/a>\n                  <a class=\"inline-block pb-24 pt-32 mx-12 text-[18px] font-medium text-gris-500 hover:text-orange\/80\" href=\"#projects-in-marseille\" data-id=\"projects-in-marseille\">Projects in Marseille<\/a>\n                  <a class=\"inline-block pb-24 pt-32 mx-12 text-[18px] font-medium text-gris-500 hover:text-orange\/80\" href=\"#projects-in-africa\" data-id=\"projects-in-africa\">Projects in Africa<\/a>\n              <\/div>\n      <\/div>\n<\/div>\n\n\n<section id=\"areas-of-focus\" class=\"my-50 md:my-96 relative overflow-hidden\">\n          <div class=\"absolute right w-[336px] h-[600px] -right-20 -top-10 z-0\">\n        <img loading=\"lazy\" decoding=\"async\" width=\"142\" height=\"300\" src=\"https:\/\/www.fdd-cf.com\/wp-content\/uploads\/2022\/06\/fdd-cf-bg.svg\" class=\"object-cover w-full h-full\" alt=\"\" \/>\n      <\/div>\n    \n    <div class=\"container relative\">\n              <h2 class=\"h1\"> Our 3 areas of focus <\/h2>\n          <div class=\"md:grid md:grid-cols-12 md:gap-x-32 lg:gap-x-64\">\n      <div class=\"md:col-span-6 mb-50 md:mb-0 \">\n                          <h3 class=\"mb-24\"> Human health &#038; Food safety<\/h3>\n                <div class=\"prose\">\n          <p><strong>The Foundation supports organizations who aim to:<\/strong><\/p>\n<ul>\n<li>Improve the health of all by promoting access to diversified and quality products.<\/li>\n<li>Contribute to the availability of quality food in terms of nutrition and health<\/li>\n<li>Support prevention actions, screening measures, awareness-raising activities as well as the care for populations suffering from hunger, food insecurity and malnutrition.<\/li>\n<li>Promote consistent and sufficient access to water for domestic and agricultural use<\/li>\n<\/ul>\n\n        <\/div>\n      <\/div>\n      <div class=\"md:col-span-6 \">\n        <div class=\"\">\n          <img loading=\"lazy\" decoding=\"async\" width=\"800\" height=\"600\" src=\"https:\/\/www.fdd-cf.com\/wp-content\/uploads\/2022\/07\/constat-axe1.jpg\" class=\"w-full rounded-lg\" alt=\"\" srcset=\"https:\/\/www.fdd-cf.com\/wp-content\/uploads\/2022\/07\/constat-axe1.jpg 800w, https:\/\/www.fdd-cf.com\/wp-content\/uploads\/2022\/07\/constat-axe1-300x225.jpg 300w, https:\/\/www.fdd-cf.com\/wp-content\/uploads\/2022\/07\/constat-axe1-768x576.jpg 768w\" sizes=\"auto, (max-width: 800px) 100vw, 800px\" \/>\n                  <\/div>\n      <\/div>\n    <\/div>\n  <\/div>\n<\/section>\n\n\n<section id=\"\" class=\"my-50 md:my-96 relative overflow-hidden\">\n    \n    <div class=\"container relative\">\n          <div class=\"md:grid md:grid-cols-12 md:gap-x-32 lg:gap-x-64\">\n      <div class=\"md:col-span-6 mb-50 md:mb-0  md:order-2 \">\n                          <h3 class=\"mb-24\">Nutrition Education<\/h3>\n                <div class=\"prose\">\n          <p><strong>The Fund supports initiatives that aim to :<\/strong><\/p>\n<ul>\n<li>Educate children about proper nutrition and healthy eating habits from an early age<\/li>\n<li>Raise awareness on how food choices affect health and the environment<\/li>\n<li>Pass on values of cooking and sharing a meal with others.<\/li>\n<li>Promote exchanges around the different culinary traditions<\/li>\n<li>Create or recreate a connection to nature<\/li>\n<\/ul>\n\n        <\/div>\n      <\/div>\n      <div class=\"md:col-span-6  md:order-1 \">\n        <div class=\"\">\n          <img loading=\"lazy\" decoding=\"async\" width=\"800\" height=\"600\" src=\"https:\/\/www.fdd-cf.com\/wp-content\/uploads\/2022\/07\/constat-axe2.jpg\" class=\"w-full rounded-lg\" alt=\"\" srcset=\"https:\/\/www.fdd-cf.com\/wp-content\/uploads\/2022\/07\/constat-axe2.jpg 800w, https:\/\/www.fdd-cf.com\/wp-content\/uploads\/2022\/07\/constat-axe2-300x225.jpg 300w, https:\/\/www.fdd-cf.com\/wp-content\/uploads\/2022\/07\/constat-axe2-768x576.jpg 768w\" sizes=\"auto, (max-width: 800px) 100vw, 800px\" \/>\n                  <\/div>\n      <\/div>\n    <\/div>\n  <\/div>\n<\/section>\n\n\n<section id=\"\" class=\"my-50 md:my-96 relative overflow-hidden\">\n    \n    <div class=\"container relative\">\n          <div class=\"md:grid md:grid-cols-12 md:gap-x-32 lg:gap-x-64\">\n      <div class=\"md:col-span-6 mb-50 md:mb-0 \">\n                          <h3 class=\"mb-24\">Agricultural entrepreneurship &#038; Biodiversity<\/h3>\n                <div class=\"prose\">\n          <p><strong>The Foundation supports organizations and NGO\u2019s developing programs in Africa to:<\/strong><\/p>\n<ul>\n<li>Support the development of sustainable agricultural practices on family farms<\/li>\n<li>Promote entrepreneurship and the implementation of income-generating activities towards economic and food empowerment.<\/li>\n<li>Promote any form of sustainable agriculture and adapting to climate change.<\/li>\n<\/ul>\n\n        <\/div>\n      <\/div>\n      <div class=\"md:col-span-6 \">\n        <div class=\"\">\n          <img loading=\"lazy\" decoding=\"async\" width=\"800\" height=\"600\" src=\"https:\/\/www.fdd-cf.com\/wp-content\/uploads\/2022\/07\/constat-axe3.jpg\" class=\"w-full rounded-lg\" alt=\"\" srcset=\"https:\/\/www.fdd-cf.com\/wp-content\/uploads\/2022\/07\/constat-axe3.jpg 800w, https:\/\/www.fdd-cf.com\/wp-content\/uploads\/2022\/07\/constat-axe3-300x225.jpg 300w, https:\/\/www.fdd-cf.com\/wp-content\/uploads\/2022\/07\/constat-axe3-768x576.jpg 768w\" sizes=\"auto, (max-width: 800px) 100vw, 800px\" \/>\n                  <\/div>\n      <\/div>\n    <\/div>\n  <\/div>\n<\/section>\n\n\n<section id=\"projects-in-marseille\" class=\"anchor py-48 bg-white relative  sections-nav \">\n  <div class=\"container\">\n    <h2 class=\"\">Projects in Marseille<\/h2>\n    \n            \n      <div class=\"grid grid-cols-1 sm:.grid-cols-2 md:grid-cols-3 gap-y-64 gap-x-64 md:gap-x-32\">\n               <div class=\"col-span-1\"><a class=\"flex flex-col h-full group\" href=\"https:\/\/www.fdd-cf.com\/en\/projets\/association-alimmater\/\">\n<div class=\"w-full relative aspect-video rounded-lg mb-16 overflow-hidden\">\n          <img loading=\"lazy\" decoding=\"async\" width=\"1024\" height=\"801\" src=\"https:\/\/www.fdd-cf.com\/wp-content\/uploads\/2025\/06\/AlimMater3-1024x801.png\" class=\"block w-full h-full object-cover z-0 wp-post-image\" alt=\"\" srcset=\"https:\/\/www.fdd-cf.com\/wp-content\/uploads\/2025\/06\/AlimMater3-1024x801.png 1024w, https:\/\/www.fdd-cf.com\/wp-content\/uploads\/2025\/06\/AlimMater3-300x235.png 300w, https:\/\/www.fdd-cf.com\/wp-content\/uploads\/2025\/06\/AlimMater3-768x601.png 768w, https:\/\/www.fdd-cf.com\/wp-content\/uploads\/2025\/06\/AlimMater3.png 1380w\" sizes=\"auto, (max-width: 1024px) 100vw, 1024px\" \/>\n              <div class=\"absolute left-8 bottom-8 bg-white p-8 rounded-lg w-102 h-72 flex items-center content-center\">\n        <img loading=\"lazy\" decoding=\"async\" width=\"300\" height=\"300\" src=\"https:\/\/www.fdd-cf.com\/wp-content\/uploads\/2025\/06\/logo-AlimMater-300x300.png\" class=\"object-contain w-full w-full max-h-full\" alt=\"\" srcset=\"https:\/\/www.fdd-cf.com\/wp-content\/uploads\/2025\/06\/logo-AlimMater-300x300.png 300w, https:\/\/www.fdd-cf.com\/wp-content\/uploads\/2025\/06\/logo-AlimMater-1024x1024.png 1024w, https:\/\/www.fdd-cf.com\/wp-content\/uploads\/2025\/06\/logo-AlimMater-150x150.png 150w, https:\/\/www.fdd-cf.com\/wp-content\/uploads\/2025\/06\/logo-AlimMater-768x768.png 768w, https:\/\/www.fdd-cf.com\/wp-content\/uploads\/2025\/06\/logo-AlimMater.png 1080w\" sizes=\"auto, (max-width: 300px) 100vw, 300px\" \/>\n      <\/div>\n      <\/div>\n  <h4 class=\"text-[28px] text-brown font-display mb-16\">Association Alim\u2019Mater<\/h4>\n  <div class=\"text-md\">\n                  \n              The association Alim\u2019Mater is a recent organization created in 2023 in Marseille by Cl\u00e9lia Bianchi. It works to promote better&hellip;\n            <\/div>\n    <span class=\"mt-auto flex text-orange group-hover:underline justify-end items-center\">Read more <svg class=\"ml-12 w-6\" width=\"9\" height=\"14\" viewBox=\"0 0 9 14\" fill=\"none\" xmlns=\"http:\/\/www.w3.org\/2000\/svg\">\n  <path fill-rule=\"evenodd\" clip-rule=\"evenodd\" d=\"M1.02797 0.292893C0.630406 0.683417 0.630406 1.31658 1.02797 1.70711L6.41629 7L1.02797 12.2929C0.630406 12.6834 0.630406 13.3166 1.02797 13.7071C1.42554 14.0976 2.07012 14.0976 2.46768 13.7071L8.57585 7.70711C8.97341 7.31658 8.97341 6.68342 8.57585 6.29289L2.46768 0.292893C2.07012 -0.0976311 1.42554 -0.0976311 1.02797 0.292893Z\" fill=\"currentColor\"\/>\n<\/svg> <\/span>\n  <\/a>\n<\/div>\n               <div class=\"col-span-1\"><a class=\"flex flex-col h-full group\" href=\"https:\/\/www.fdd-cf.com\/en\/projets\/culinary-residency\/\">\n<div class=\"w-full relative aspect-video rounded-lg mb-16 overflow-hidden\">\n          <img loading=\"lazy\" decoding=\"async\" width=\"1024\" height=\"683\" src=\"https:\/\/www.fdd-cf.com\/wp-content\/uploads\/2024\/08\/DSC02427-2-1024x683.jpg\" class=\"block w-full h-full object-cover z-0 wp-post-image\" alt=\"\" srcset=\"https:\/\/www.fdd-cf.com\/wp-content\/uploads\/2024\/08\/DSC02427-2-1024x683.jpg 1024w, https:\/\/www.fdd-cf.com\/wp-content\/uploads\/2024\/08\/DSC02427-2-300x200.jpg 300w, https:\/\/www.fdd-cf.com\/wp-content\/uploads\/2024\/08\/DSC02427-2-768x512.jpg 768w, https:\/\/www.fdd-cf.com\/wp-content\/uploads\/2024\/08\/DSC02427-2-1536x1024.jpg 1536w, https:\/\/www.fdd-cf.com\/wp-content\/uploads\/2024\/08\/DSC02427-2-2048x1365.jpg 2048w\" sizes=\"auto, (max-width: 1024px) 100vw, 1024px\" \/>\n          <\/div>\n  <h4 class=\"text-[28px] text-brown font-display mb-16\">Culinary residency<\/h4>\n  <div class=\"text-md\">\n                  \n              The project Continuing the cultural exchanges between Marseille and Africa initiated several years ago, the Compagnie Fruiti\u00e8re Foundation is experimenting&hellip;\n            <\/div>\n    <span class=\"mt-auto flex text-orange group-hover:underline justify-end items-center\">Read more <svg class=\"ml-12 w-6\" width=\"9\" height=\"14\" viewBox=\"0 0 9 14\" fill=\"none\" xmlns=\"http:\/\/www.w3.org\/2000\/svg\">\n  <path fill-rule=\"evenodd\" clip-rule=\"evenodd\" d=\"M1.02797 0.292893C0.630406 0.683417 0.630406 1.31658 1.02797 1.70711L6.41629 7L1.02797 12.2929C0.630406 12.6834 0.630406 13.3166 1.02797 13.7071C1.42554 14.0976 2.07012 14.0976 2.46768 13.7071L8.57585 7.70711C8.97341 7.31658 8.97341 6.68342 8.57585 6.29289L2.46768 0.292893C2.07012 -0.0976311 1.42554 -0.0976311 1.02797 0.292893Z\" fill=\"currentColor\"\/>\n<\/svg> <\/span>\n  <\/a>\n<\/div>\n               <div class=\"col-span-1\"><a class=\"flex flex-col h-full group\" href=\"https:\/\/www.fdd-cf.com\/en\/projets\/association-festin\/\">\n<div class=\"w-full relative aspect-video rounded-lg mb-16 overflow-hidden\">\n          <img loading=\"lazy\" decoding=\"async\" width=\"1024\" height=\"682\" src=\"https:\/\/www.fdd-cf.com\/wp-content\/uploads\/2023\/11\/festin-20190225_1241-1024x682.jpg\" class=\"block w-full h-full object-cover z-0 wp-post-image\" alt=\"\" srcset=\"https:\/\/www.fdd-cf.com\/wp-content\/uploads\/2023\/11\/festin-20190225_1241-1024x682.jpg 1024w, https:\/\/www.fdd-cf.com\/wp-content\/uploads\/2023\/11\/festin-20190225_1241-300x200.jpg 300w, https:\/\/www.fdd-cf.com\/wp-content\/uploads\/2023\/11\/festin-20190225_1241-768x512.jpg 768w, https:\/\/www.fdd-cf.com\/wp-content\/uploads\/2023\/11\/festin-20190225_1241-1536x1024.jpg 1536w, https:\/\/www.fdd-cf.com\/wp-content\/uploads\/2023\/11\/festin-20190225_1241.jpg 1772w\" sizes=\"auto, (max-width: 1024px) 100vw, 1024px\" \/>\n              <div class=\"absolute left-8 bottom-8 bg-white p-8 rounded-lg w-102 h-72 flex items-center content-center\">\n        <img loading=\"lazy\" decoding=\"async\" width=\"300\" height=\"152\" src=\"https:\/\/www.fdd-cf.com\/wp-content\/uploads\/2023\/11\/FESTIN_LOGO_BLEU_CMJN-300x152.jpg\" class=\"object-contain w-full w-full max-h-full\" alt=\"\" srcset=\"https:\/\/www.fdd-cf.com\/wp-content\/uploads\/2023\/11\/FESTIN_LOGO_BLEU_CMJN-300x152.jpg 300w, https:\/\/www.fdd-cf.com\/wp-content\/uploads\/2023\/11\/FESTIN_LOGO_BLEU_CMJN-1024x518.jpg 1024w, https:\/\/www.fdd-cf.com\/wp-content\/uploads\/2023\/11\/FESTIN_LOGO_BLEU_CMJN-768x388.jpg 768w, https:\/\/www.fdd-cf.com\/wp-content\/uploads\/2023\/11\/FESTIN_LOGO_BLEU_CMJN.jpg 1388w\" sizes=\"auto, (max-width: 300px) 100vw, 300px\" \/>\n      <\/div>\n      <\/div>\n  <h4 class=\"text-[28px] text-brown font-display mb-16\">Association Festin<\/h4>\n  <div class=\"text-md\">\n                  Provision of meals for people accommodated in emergency hotels in Marseille\n                  <\/div>\n    <span class=\"mt-auto flex text-orange group-hover:underline justify-end items-center\">Read more <svg class=\"ml-12 w-6\" width=\"9\" height=\"14\" viewBox=\"0 0 9 14\" fill=\"none\" xmlns=\"http:\/\/www.w3.org\/2000\/svg\">\n  <path fill-rule=\"evenodd\" clip-rule=\"evenodd\" d=\"M1.02797 0.292893C0.630406 0.683417 0.630406 1.31658 1.02797 1.70711L6.41629 7L1.02797 12.2929C0.630406 12.6834 0.630406 13.3166 1.02797 13.7071C1.42554 14.0976 2.07012 14.0976 2.46768 13.7071L8.57585 7.70711C8.97341 7.31658 8.97341 6.68342 8.57585 6.29289L2.46768 0.292893C2.07012 -0.0976311 1.42554 -0.0976311 1.02797 0.292893Z\" fill=\"currentColor\"\/>\n<\/svg> <\/span>\n  <\/a>\n<\/div>\n               <div class=\"col-span-1\"><a class=\"flex flex-col h-full group\" href=\"https:\/\/www.fdd-cf.com\/en\/projets\/banque-alimentaire-13\/\">\n<div class=\"w-full relative aspect-video rounded-lg mb-16 overflow-hidden\">\n          <img loading=\"lazy\" decoding=\"async\" width=\"768\" height=\"1024\" src=\"https:\/\/www.fdd-cf.com\/wp-content\/uploads\/2023\/11\/Tri-768x1024.jpg\" class=\"block w-full h-full object-cover z-0 wp-post-image\" alt=\"\" srcset=\"https:\/\/www.fdd-cf.com\/wp-content\/uploads\/2023\/11\/Tri-768x1024.jpg 768w, https:\/\/www.fdd-cf.com\/wp-content\/uploads\/2023\/11\/Tri-225x300.jpg 225w, https:\/\/www.fdd-cf.com\/wp-content\/uploads\/2023\/11\/Tri-1152x1536.jpg 1152w, https:\/\/www.fdd-cf.com\/wp-content\/uploads\/2023\/11\/Tri-1536x2048.jpg 1536w, https:\/\/www.fdd-cf.com\/wp-content\/uploads\/2023\/11\/Tri-scaled.jpg 1920w\" sizes=\"auto, (max-width: 768px) 100vw, 768px\" \/>\n              <div class=\"absolute left-8 bottom-8 bg-white p-8 rounded-lg w-102 h-72 flex items-center content-center\">\n        <img loading=\"lazy\" decoding=\"async\" width=\"300\" height=\"62\" src=\"https:\/\/www.fdd-cf.com\/wp-content\/uploads\/2023\/11\/Logo-Banque-Alimentaire-13-fond-transparent-300x62.png\" class=\"object-contain w-full w-full max-h-full\" alt=\"\" srcset=\"https:\/\/www.fdd-cf.com\/wp-content\/uploads\/2023\/11\/Logo-Banque-Alimentaire-13-fond-transparent-300x62.png 300w, https:\/\/www.fdd-cf.com\/wp-content\/uploads\/2023\/11\/Logo-Banque-Alimentaire-13-fond-transparent.png 605w\" sizes=\"auto, (max-width: 300px) 100vw, 300px\" \/>\n      <\/div>\n      <\/div>\n  <h4 class=\"text-[28px] text-brown font-display mb-16\">Banque alimentaire 13<\/h4>\n  <div class=\"text-md\">\n                  Provision of bananas for food aid\n                  <\/div>\n    <span class=\"mt-auto flex text-orange group-hover:underline justify-end items-center\">Read more <svg class=\"ml-12 w-6\" width=\"9\" height=\"14\" viewBox=\"0 0 9 14\" fill=\"none\" xmlns=\"http:\/\/www.w3.org\/2000\/svg\">\n  <path fill-rule=\"evenodd\" clip-rule=\"evenodd\" d=\"M1.02797 0.292893C0.630406 0.683417 0.630406 1.31658 1.02797 1.70711L6.41629 7L1.02797 12.2929C0.630406 12.6834 0.630406 13.3166 1.02797 13.7071C1.42554 14.0976 2.07012 14.0976 2.46768 13.7071L8.57585 7.70711C8.97341 7.31658 8.97341 6.68342 8.57585 6.29289L2.46768 0.292893C2.07012 -0.0976311 1.42554 -0.0976311 1.02797 0.292893Z\" fill=\"currentColor\"\/>\n<\/svg> <\/span>\n  <\/a>\n<\/div>\n               <div class=\"col-span-1\"><a class=\"flex flex-col h-full group\" href=\"https:\/\/www.fdd-cf.com\/en\/projets\/epiceries-solidaires-andes\/\">\n<div class=\"w-full relative aspect-video rounded-lg mb-16 overflow-hidden\">\n          <img loading=\"lazy\" decoding=\"async\" width=\"1024\" height=\"682\" src=\"https:\/\/www.fdd-cf.com\/wp-content\/uploads\/2023\/11\/1-\u00a9-Bran-du-Halgouet-1024x682.jpg\" class=\"block w-full h-full object-cover z-0 wp-post-image\" alt=\"\" srcset=\"https:\/\/www.fdd-cf.com\/wp-content\/uploads\/2023\/11\/1-\u00a9-Bran-du-Halgouet-1024x682.jpg 1024w, https:\/\/www.fdd-cf.com\/wp-content\/uploads\/2023\/11\/1-\u00a9-Bran-du-Halgouet-300x200.jpg 300w, https:\/\/www.fdd-cf.com\/wp-content\/uploads\/2023\/11\/1-\u00a9-Bran-du-Halgouet-768x512.jpg 768w, https:\/\/www.fdd-cf.com\/wp-content\/uploads\/2023\/11\/1-\u00a9-Bran-du-Halgouet-1536x1024.jpg 1536w, https:\/\/www.fdd-cf.com\/wp-content\/uploads\/2023\/11\/1-\u00a9-Bran-du-Halgouet.jpg 2000w\" sizes=\"auto, (max-width: 1024px) 100vw, 1024px\" \/>\n              <div class=\"absolute left-8 bottom-8 bg-white p-8 rounded-lg w-102 h-72 flex items-center content-center\">\n        <img loading=\"lazy\" decoding=\"async\" width=\"300\" height=\"168\" src=\"https:\/\/www.fdd-cf.com\/wp-content\/uploads\/2023\/11\/ANDES_LOGO_COULEUR-7-300x168.jpg\" class=\"object-contain w-full w-full max-h-full\" alt=\"\" srcset=\"https:\/\/www.fdd-cf.com\/wp-content\/uploads\/2023\/11\/ANDES_LOGO_COULEUR-7-300x168.jpg 300w, https:\/\/www.fdd-cf.com\/wp-content\/uploads\/2023\/11\/ANDES_LOGO_COULEUR-7-1024x574.jpg 1024w, https:\/\/www.fdd-cf.com\/wp-content\/uploads\/2023\/11\/ANDES_LOGO_COULEUR-7-768x431.jpg 768w, https:\/\/www.fdd-cf.com\/wp-content\/uploads\/2023\/11\/ANDES_LOGO_COULEUR-7.jpg 1045w\" sizes=\"auto, (max-width: 300px) 100vw, 300px\" \/>\n      <\/div>\n      <\/div>\n  <h4 class=\"text-[28px] text-brown font-display mb-16\">\u00c9piceries Solidaires Andes<\/h4>\n  <div class=\"text-md\">\n                  2 solidarity grocery stores to open in Marseille\n                  <\/div>\n    <span class=\"mt-auto flex text-orange group-hover:underline justify-end items-center\">Read more <svg class=\"ml-12 w-6\" width=\"9\" height=\"14\" viewBox=\"0 0 9 14\" fill=\"none\" xmlns=\"http:\/\/www.w3.org\/2000\/svg\">\n  <path fill-rule=\"evenodd\" clip-rule=\"evenodd\" d=\"M1.02797 0.292893C0.630406 0.683417 0.630406 1.31658 1.02797 1.70711L6.41629 7L1.02797 12.2929C0.630406 12.6834 0.630406 13.3166 1.02797 13.7071C1.42554 14.0976 2.07012 14.0976 2.46768 13.7071L8.57585 7.70711C8.97341 7.31658 8.97341 6.68342 8.57585 6.29289L2.46768 0.292893C2.07012 -0.0976311 1.42554 -0.0976311 1.02797 0.292893Z\" fill=\"currentColor\"\/>\n<\/svg> <\/span>\n  <\/a>\n<\/div>\n               <div class=\"col-span-1\"><a class=\"flex flex-col h-full group\" href=\"https:\/\/www.fdd-cf.com\/en\/projets\/armee-du-salut-marseille\/\">\n<div class=\"w-full relative aspect-video rounded-lg mb-16 overflow-hidden\">\n          <img loading=\"lazy\" decoding=\"async\" width=\"974\" height=\"650\" src=\"https:\/\/www.fdd-cf.com\/wp-content\/uploads\/2022\/10\/armee-du-salut-p1.jpg\" class=\"block w-full h-full object-cover z-0 wp-post-image\" alt=\"\" srcset=\"https:\/\/www.fdd-cf.com\/wp-content\/uploads\/2022\/10\/armee-du-salut-p1.jpg 974w, https:\/\/www.fdd-cf.com\/wp-content\/uploads\/2022\/10\/armee-du-salut-p1-300x200.jpg 300w, https:\/\/www.fdd-cf.com\/wp-content\/uploads\/2022\/10\/armee-du-salut-p1-768x513.jpg 768w\" sizes=\"auto, (max-width: 974px) 100vw, 974px\" \/>\n              <div class=\"absolute left-8 bottom-8 bg-white p-8 rounded-lg w-102 h-72 flex items-center content-center\">\n        <img loading=\"lazy\" decoding=\"async\" width=\"300\" height=\"200\" src=\"https:\/\/www.fdd-cf.com\/wp-content\/uploads\/2022\/10\/logo_armee_Salut_WEB-300x200.jpg\" class=\"object-contain w-full w-full max-h-full\" alt=\"\" srcset=\"https:\/\/www.fdd-cf.com\/wp-content\/uploads\/2022\/10\/logo_armee_Salut_WEB-300x200.jpg 300w, https:\/\/www.fdd-cf.com\/wp-content\/uploads\/2022\/10\/logo_armee_Salut_WEB-768x512.jpg 768w, https:\/\/www.fdd-cf.com\/wp-content\/uploads\/2022\/10\/logo_armee_Salut_WEB.jpg 1000w\" sizes=\"auto, (max-width: 300px) 100vw, 300px\" \/>\n      <\/div>\n      <\/div>\n  <h4 class=\"text-[28px] text-brown font-display mb-16\">Arm\u00e9e du Salut Marseille<\/h4>\n  <div class=\"text-md\">\n                  Project of mobile kitchen for people living in emergency housing.\n                  <\/div>\n    <span class=\"mt-auto flex text-orange group-hover:underline justify-end items-center\">Read more <svg class=\"ml-12 w-6\" width=\"9\" height=\"14\" viewBox=\"0 0 9 14\" fill=\"none\" xmlns=\"http:\/\/www.w3.org\/2000\/svg\">\n  <path fill-rule=\"evenodd\" clip-rule=\"evenodd\" d=\"M1.02797 0.292893C0.630406 0.683417 0.630406 1.31658 1.02797 1.70711L6.41629 7L1.02797 12.2929C0.630406 12.6834 0.630406 13.3166 1.02797 13.7071C1.42554 14.0976 2.07012 14.0976 2.46768 13.7071L8.57585 7.70711C8.97341 7.31658 8.97341 6.68342 8.57585 6.29289L2.46768 0.292893C2.07012 -0.0976311 1.42554 -0.0976311 1.02797 0.292893Z\" fill=\"currentColor\"\/>\n<\/svg> <\/span>\n  <\/a>\n<\/div>\n               <div class=\"col-span-1\"><a class=\"flex flex-col h-full group\" href=\"https:\/\/www.fdd-cf.com\/en\/projets\/lecole-comestible-provence\/\">\n<div class=\"w-full relative aspect-video rounded-lg mb-16 overflow-hidden\">\n          <img loading=\"lazy\" decoding=\"async\" width=\"768\" height=\"1024\" src=\"https:\/\/www.fdd-cf.com\/wp-content\/uploads\/2022\/10\/ecole-comestiblie-Atelier-Cagette-de-saison-Salade-768x1024.jpeg\" class=\"block w-full h-full object-cover z-0 wp-post-image\" alt=\"\" srcset=\"https:\/\/www.fdd-cf.com\/wp-content\/uploads\/2022\/10\/ecole-comestiblie-Atelier-Cagette-de-saison-Salade-768x1024.jpeg 768w, https:\/\/www.fdd-cf.com\/wp-content\/uploads\/2022\/10\/ecole-comestiblie-Atelier-Cagette-de-saison-Salade-225x300.jpeg 225w, https:\/\/www.fdd-cf.com\/wp-content\/uploads\/2022\/10\/ecole-comestiblie-Atelier-Cagette-de-saison-Salade-1152x1536.jpeg 1152w, https:\/\/www.fdd-cf.com\/wp-content\/uploads\/2022\/10\/ecole-comestiblie-Atelier-Cagette-de-saison-Salade.jpeg 1536w\" sizes=\"auto, (max-width: 768px) 100vw, 768px\" \/>\n              <div class=\"absolute left-8 bottom-8 bg-white p-8 rounded-lg w-102 h-72 flex items-center content-center\">\n        <img loading=\"lazy\" decoding=\"async\" width=\"248\" height=\"300\" src=\"https:\/\/www.fdd-cf.com\/wp-content\/uploads\/2022\/10\/logo_ecole_commestible-248x300.webp\" class=\"object-contain w-full w-full max-h-full\" alt=\"\" srcset=\"https:\/\/www.fdd-cf.com\/wp-content\/uploads\/2022\/10\/logo_ecole_commestible-248x300.webp 248w, https:\/\/www.fdd-cf.com\/wp-content\/uploads\/2022\/10\/logo_ecole_commestible.webp 336w\" sizes=\"auto, (max-width: 248px) 100vw, 248px\" \/>\n      <\/div>\n      <\/div>\n  <h4 class=\"text-[28px] text-brown font-display mb-16\">L\u2019\u00c9cole comestible Provence<\/h4>\n  <div class=\"text-md\">\n                  Raising awareness about sustainable food in schools.\n                  <\/div>\n    <span class=\"mt-auto flex text-orange group-hover:underline justify-end items-center\">Read more <svg class=\"ml-12 w-6\" width=\"9\" height=\"14\" viewBox=\"0 0 9 14\" fill=\"none\" xmlns=\"http:\/\/www.w3.org\/2000\/svg\">\n  <path fill-rule=\"evenodd\" clip-rule=\"evenodd\" d=\"M1.02797 0.292893C0.630406 0.683417 0.630406 1.31658 1.02797 1.70711L6.41629 7L1.02797 12.2929C0.630406 12.6834 0.630406 13.3166 1.02797 13.7071C1.42554 14.0976 2.07012 14.0976 2.46768 13.7071L8.57585 7.70711C8.97341 7.31658 8.97341 6.68342 8.57585 6.29289L2.46768 0.292893C2.07012 -0.0976311 1.42554 -0.0976311 1.02797 0.292893Z\" fill=\"currentColor\"\/>\n<\/svg> <\/span>\n  <\/a>\n<\/div>\n            <\/div>\n          <\/div>\n<\/section>\n\n\n<section id=\"projects-in-africa\" class=\"anchor py-48 bg-white relative  sections-nav \">\n  <div class=\"container\">\n    <h2 class=\"\">Projects in Africa<\/h2>\n    \n            \n      <div class=\"grid grid-cols-1 sm:.grid-cols-2 md:grid-cols-3 gap-y-64 gap-x-64 md:gap-x-32\">\n               <div class=\"col-span-1\"><a class=\"flex flex-col h-full group\" href=\"https:\/\/www.fdd-cf.com\/en\/projets\/racines-denfance\/\">\n<div class=\"w-full relative aspect-video rounded-lg mb-16 overflow-hidden\">\n          <img loading=\"lazy\" decoding=\"async\" width=\"1024\" height=\"683\" src=\"https:\/\/www.fdd-cf.com\/wp-content\/uploads\/2023\/09\/enfants-en-classe-sourire-ndoss-1024x683.jpg\" class=\"block w-full h-full object-cover z-0 wp-post-image\" alt=\"\" srcset=\"https:\/\/www.fdd-cf.com\/wp-content\/uploads\/2023\/09\/enfants-en-classe-sourire-ndoss-1024x683.jpg 1024w, https:\/\/www.fdd-cf.com\/wp-content\/uploads\/2023\/09\/enfants-en-classe-sourire-ndoss-300x200.jpg 300w, https:\/\/www.fdd-cf.com\/wp-content\/uploads\/2023\/09\/enfants-en-classe-sourire-ndoss-768x512.jpg 768w, https:\/\/www.fdd-cf.com\/wp-content\/uploads\/2023\/09\/enfants-en-classe-sourire-ndoss-1536x1024.jpg 1536w, https:\/\/www.fdd-cf.com\/wp-content\/uploads\/2023\/09\/enfants-en-classe-sourire-ndoss.jpg 2048w\" sizes=\"auto, (max-width: 1024px) 100vw, 1024px\" \/>\n              <div class=\"absolute left-8 bottom-8 bg-white p-8 rounded-lg w-102 h-72 flex items-center content-center\">\n        <img loading=\"lazy\" decoding=\"async\" width=\"191\" height=\"142\" src=\"https:\/\/www.fdd-cf.com\/wp-content\/uploads\/2023\/09\/racines-d-enfance.png\" class=\"object-contain w-full w-full max-h-full\" alt=\"\" \/>\n      <\/div>\n      <\/div>\n  <h4 class=\"text-[28px] text-brown font-display mb-16\">Racines d\u2019Enfance<\/h4>\n  <div class=\"text-md\">\n                  \n              The project Construction of a second Racines d&#8217;Enfance kindergarten in Ivory Coast in the village of Akekoi: fenced space of&hellip;\n            <\/div>\n    <span class=\"mt-auto flex text-orange group-hover:underline justify-end items-center\">Read more <svg class=\"ml-12 w-6\" width=\"9\" height=\"14\" viewBox=\"0 0 9 14\" fill=\"none\" xmlns=\"http:\/\/www.w3.org\/2000\/svg\">\n  <path fill-rule=\"evenodd\" clip-rule=\"evenodd\" d=\"M1.02797 0.292893C0.630406 0.683417 0.630406 1.31658 1.02797 1.70711L6.41629 7L1.02797 12.2929C0.630406 12.6834 0.630406 13.3166 1.02797 13.7071C1.42554 14.0976 2.07012 14.0976 2.46768 13.7071L8.57585 7.70711C8.97341 7.31658 8.97341 6.68342 8.57585 6.29289L2.46768 0.292893C2.07012 -0.0976311 1.42554 -0.0976311 1.02797 0.292893Z\" fill=\"currentColor\"\/>\n<\/svg> <\/span>\n  <\/a>\n<\/div>\n               <div class=\"col-span-1\"><a class=\"flex flex-col h-full group\" href=\"https:\/\/www.fdd-cf.com\/en\/projets\/agrisud\/\">\n<div class=\"w-full relative aspect-video rounded-lg mb-16 overflow-hidden\">\n          <img loading=\"lazy\" decoding=\"async\" width=\"1024\" height=\"768\" src=\"https:\/\/www.fdd-cf.com\/wp-content\/uploads\/2022\/10\/agrisude-formation_petd_Juste_0621-1024x768.jpeg\" class=\"block w-full h-full object-cover z-0 wp-post-image\" alt=\"\" srcset=\"https:\/\/www.fdd-cf.com\/wp-content\/uploads\/2022\/10\/agrisude-formation_petd_Juste_0621-1024x768.jpeg 1024w, https:\/\/www.fdd-cf.com\/wp-content\/uploads\/2022\/10\/agrisude-formation_petd_Juste_0621-300x225.jpeg 300w, https:\/\/www.fdd-cf.com\/wp-content\/uploads\/2022\/10\/agrisude-formation_petd_Juste_0621-768x576.jpeg 768w, https:\/\/www.fdd-cf.com\/wp-content\/uploads\/2022\/10\/agrisude-formation_petd_Juste_0621-1536x1152.jpeg 1536w, https:\/\/www.fdd-cf.com\/wp-content\/uploads\/2022\/10\/agrisude-formation_petd_Juste_0621-2048x1536.jpeg 2048w\" sizes=\"auto, (max-width: 1024px) 100vw, 1024px\" \/>\n              <div class=\"absolute left-8 bottom-8 bg-white p-8 rounded-lg w-102 h-72 flex items-center content-center\">\n        <img loading=\"lazy\" decoding=\"async\" width=\"300\" height=\"300\" src=\"https:\/\/www.fdd-cf.com\/wp-content\/uploads\/2022\/10\/logo-agrisud-300x300.jpeg\" class=\"object-contain w-full w-full max-h-full\" alt=\"\" srcset=\"https:\/\/www.fdd-cf.com\/wp-content\/uploads\/2022\/10\/logo-agrisud-300x300.jpeg 300w, https:\/\/www.fdd-cf.com\/wp-content\/uploads\/2022\/10\/logo-agrisud-1024x1024.jpeg 1024w, https:\/\/www.fdd-cf.com\/wp-content\/uploads\/2022\/10\/logo-agrisud-150x150.jpeg 150w, https:\/\/www.fdd-cf.com\/wp-content\/uploads\/2022\/10\/logo-agrisud-768x768.jpeg 768w, https:\/\/www.fdd-cf.com\/wp-content\/uploads\/2022\/10\/logo-agrisud-1536x1536.jpeg 1536w, https:\/\/www.fdd-cf.com\/wp-content\/uploads\/2022\/10\/logo-agrisud.jpeg 1772w\" sizes=\"auto, (max-width: 300px) 100vw, 300px\" \/>\n      <\/div>\n      <\/div>\n  <h4 class=\"text-[28px] text-brown font-display mb-16\">Agrisud<\/h4>\n  <div class=\"text-md\">\n                  Project for the Promotion of Territorialized Agricultural Sectors (PROFIT) \n                  <\/div>\n    <span class=\"mt-auto flex text-orange group-hover:underline justify-end items-center\">Read more <svg class=\"ml-12 w-6\" width=\"9\" height=\"14\" viewBox=\"0 0 9 14\" fill=\"none\" xmlns=\"http:\/\/www.w3.org\/2000\/svg\">\n  <path fill-rule=\"evenodd\" clip-rule=\"evenodd\" d=\"M1.02797 0.292893C0.630406 0.683417 0.630406 1.31658 1.02797 1.70711L6.41629 7L1.02797 12.2929C0.630406 12.6834 0.630406 13.3166 1.02797 13.7071C1.42554 14.0976 2.07012 14.0976 2.46768 13.7071L8.57585 7.70711C8.97341 7.31658 8.97341 6.68342 8.57585 6.29289L2.46768 0.292893C2.07012 -0.0976311 1.42554 -0.0976311 1.02797 0.292893Z\" fill=\"currentColor\"\/>\n<\/svg> <\/span>\n  <\/a>\n<\/div>\n               <div class=\"col-span-1\"><a class=\"flex flex-col h-full group\" href=\"https:\/\/www.fdd-cf.com\/en\/projets\/gret-maraichage\/\">\n<div class=\"w-full relative aspect-video rounded-lg mb-16 overflow-hidden\">\n          <img loading=\"lazy\" decoding=\"async\" width=\"560\" height=\"400\" src=\"https:\/\/www.fdd-cf.com\/wp-content\/uploads\/2022\/06\/projet-gret-photo.jpg\" class=\"block w-full h-full object-cover z-0 wp-post-image\" alt=\"\" srcset=\"https:\/\/www.fdd-cf.com\/wp-content\/uploads\/2022\/06\/projet-gret-photo.jpg 560w, https:\/\/www.fdd-cf.com\/wp-content\/uploads\/2022\/06\/projet-gret-photo-300x214.jpg 300w\" sizes=\"auto, (max-width: 560px) 100vw, 560px\" \/>\n              <div class=\"absolute left-8 bottom-8 bg-white p-8 rounded-lg w-102 h-72 flex items-center content-center\">\n        <img loading=\"lazy\" decoding=\"async\" width=\"120\" height=\"120\" src=\"https:\/\/www.fdd-cf.com\/wp-content\/uploads\/2022\/06\/projet-gret.jpg\" class=\"object-contain w-full w-full max-h-full\" alt=\"\" \/>\n      <\/div>\n      <\/div>\n  <h4 class=\"text-[28px] text-brown font-display mb-16\">GRET<\/h4>\n  <div class=\"text-md\">\n                  Access to services and structuring of family livestock farms\n                  <\/div>\n    <span class=\"mt-auto flex text-orange group-hover:underline justify-end items-center\">Read more <svg class=\"ml-12 w-6\" width=\"9\" height=\"14\" viewBox=\"0 0 9 14\" fill=\"none\" xmlns=\"http:\/\/www.w3.org\/2000\/svg\">\n  <path fill-rule=\"evenodd\" clip-rule=\"evenodd\" d=\"M1.02797 0.292893C0.630406 0.683417 0.630406 1.31658 1.02797 1.70711L6.41629 7L1.02797 12.2929C0.630406 12.6834 0.630406 13.3166 1.02797 13.7071C1.42554 14.0976 2.07012 14.0976 2.46768 13.7071L8.57585 7.70711C8.97341 7.31658 8.97341 6.68342 8.57585 6.29289L2.46768 0.292893C2.07012 -0.0976311 1.42554 -0.0976311 1.02797 0.292893Z\" fill=\"currentColor\"\/>\n<\/svg> <\/span>\n  <\/a>\n<\/div>\n               <div class=\"col-span-1\"><a class=\"flex flex-col h-full group\" href=\"https:\/\/www.fdd-cf.com\/en\/projets\/entrepreneurs-du-monde\/\">\n<div class=\"w-full relative aspect-video rounded-lg mb-16 overflow-hidden\">\n          <img loading=\"lazy\" decoding=\"async\" width=\"1024\" height=\"768\" src=\"https:\/\/www.fdd-cf.com\/wp-content\/uploads\/2022\/10\/FAWROU-REMOBE_2022_-be\u0301ne\u0301ficiaire_-Dieynaba-TOURE-1024x768.jpg\" class=\"block w-full h-full object-cover z-0 wp-post-image\" alt=\"\" srcset=\"https:\/\/www.fdd-cf.com\/wp-content\/uploads\/2022\/10\/FAWROU-REMOBE_2022_-be\u0301ne\u0301ficiaire_-Dieynaba-TOURE-1024x768.jpg 1024w, https:\/\/www.fdd-cf.com\/wp-content\/uploads\/2022\/10\/FAWROU-REMOBE_2022_-be\u0301ne\u0301ficiaire_-Dieynaba-TOURE-300x225.jpg 300w, https:\/\/www.fdd-cf.com\/wp-content\/uploads\/2022\/10\/FAWROU-REMOBE_2022_-be\u0301ne\u0301ficiaire_-Dieynaba-TOURE-768x576.jpg 768w, https:\/\/www.fdd-cf.com\/wp-content\/uploads\/2022\/10\/FAWROU-REMOBE_2022_-be\u0301ne\u0301ficiaire_-Dieynaba-TOURE.jpg 1280w\" sizes=\"auto, (max-width: 1024px) 100vw, 1024px\" \/>\n              <div class=\"absolute left-8 bottom-8 bg-white p-8 rounded-lg w-102 h-72 flex items-center content-center\">\n        <img loading=\"lazy\" decoding=\"async\" width=\"300\" height=\"92\" src=\"https:\/\/www.fdd-cf.com\/wp-content\/uploads\/2022\/10\/EDM_logo-couleur_HD-300x92.jpg\" class=\"object-contain w-full w-full max-h-full\" alt=\"\" srcset=\"https:\/\/www.fdd-cf.com\/wp-content\/uploads\/2022\/10\/EDM_logo-couleur_HD-300x92.jpg 300w, https:\/\/www.fdd-cf.com\/wp-content\/uploads\/2022\/10\/EDM_logo-couleur_HD-1024x315.jpg 1024w, https:\/\/www.fdd-cf.com\/wp-content\/uploads\/2022\/10\/EDM_logo-couleur_HD-768x236.jpg 768w, https:\/\/www.fdd-cf.com\/wp-content\/uploads\/2022\/10\/EDM_logo-couleur_HD-1536x472.jpg 1536w, https:\/\/www.fdd-cf.com\/wp-content\/uploads\/2022\/10\/EDM_logo-couleur_HD-2048x629.jpg 2048w\" sizes=\"auto, (max-width: 300px) 100vw, 300px\" \/>\n      <\/div>\n      <\/div>\n  <h4 class=\"text-[28px] text-brown font-display mb-16\">Entrepreneurs du monde<\/h4>\n  <div class=\"text-md\">\n                  Programme d&#8217;am\u00e9lioration des capacit\u00e9s de r\u00e9silience de petites productrices.\n                  <\/div>\n    <span class=\"mt-auto flex text-orange group-hover:underline justify-end items-center\">Read more <svg class=\"ml-12 w-6\" width=\"9\" height=\"14\" viewBox=\"0 0 9 14\" fill=\"none\" xmlns=\"http:\/\/www.w3.org\/2000\/svg\">\n  <path fill-rule=\"evenodd\" clip-rule=\"evenodd\" d=\"M1.02797 0.292893C0.630406 0.683417 0.630406 1.31658 1.02797 1.70711L6.41629 7L1.02797 12.2929C0.630406 12.6834 0.630406 13.3166 1.02797 13.7071C1.42554 14.0976 2.07012 14.0976 2.46768 13.7071L8.57585 7.70711C8.97341 7.31658 8.97341 6.68342 8.57585 6.29289L2.46768 0.292893C2.07012 -0.0976311 1.42554 -0.0976311 1.02797 0.292893Z\" fill=\"currentColor\"\/>\n<\/svg> <\/span>\n  <\/a>\n<\/div>\n               <div class=\"col-span-1\"><a class=\"flex flex-col h-full group\" href=\"https:\/\/www.fdd-cf.com\/en\/projets\/cfsi-comite-francais-de-solidarite-internationale\/\">\n<div class=\"w-full relative aspect-video rounded-lg mb-16 overflow-hidden\">\n          <img loading=\"lazy\" decoding=\"async\" width=\"1024\" height=\"683\" src=\"https:\/\/www.fdd-cf.com\/wp-content\/uploads\/2022\/10\/CFSI-2-1024x683.jpg\" class=\"block w-full h-full object-cover z-0 wp-post-image\" alt=\"\" srcset=\"https:\/\/www.fdd-cf.com\/wp-content\/uploads\/2022\/10\/CFSI-2-1024x683.jpg 1024w, https:\/\/www.fdd-cf.com\/wp-content\/uploads\/2022\/10\/CFSI-2-300x200.jpg 300w, https:\/\/www.fdd-cf.com\/wp-content\/uploads\/2022\/10\/CFSI-2-768x512.jpg 768w, https:\/\/www.fdd-cf.com\/wp-content\/uploads\/2022\/10\/CFSI-2-1536x1024.jpg 1536w, https:\/\/www.fdd-cf.com\/wp-content\/uploads\/2022\/10\/CFSI-2.jpg 1920w\" sizes=\"auto, (max-width: 1024px) 100vw, 1024px\" \/>\n              <div class=\"absolute left-8 bottom-8 bg-white p-8 rounded-lg w-102 h-72 flex items-center content-center\">\n        <img loading=\"lazy\" decoding=\"async\" width=\"237\" height=\"300\" src=\"https:\/\/www.fdd-cf.com\/wp-content\/uploads\/2022\/10\/logo-CFSI-237x300.jpg\" class=\"object-contain w-full w-full max-h-full\" alt=\"\" srcset=\"https:\/\/www.fdd-cf.com\/wp-content\/uploads\/2022\/10\/logo-CFSI-237x300.jpg 237w, https:\/\/www.fdd-cf.com\/wp-content\/uploads\/2022\/10\/logo-CFSI.jpg 604w\" sizes=\"auto, (max-width: 237px) 100vw, 237px\" \/>\n      <\/div>\n      <\/div>\n  <h4 class=\"text-[28px] text-brown font-display mb-16\">CFSI Comit\u00e9 Fran\u00e7ais de Solidarit\u00e9 Internationale<\/h4>\n  <div class=\"text-md\">\n                  Cantines scolaires en circuits courts. \n                  <\/div>\n    <span class=\"mt-auto flex text-orange group-hover:underline justify-end items-center\">Read more <svg class=\"ml-12 w-6\" width=\"9\" height=\"14\" viewBox=\"0 0 9 14\" fill=\"none\" xmlns=\"http:\/\/www.w3.org\/2000\/svg\">\n  <path fill-rule=\"evenodd\" clip-rule=\"evenodd\" d=\"M1.02797 0.292893C0.630406 0.683417 0.630406 1.31658 1.02797 1.70711L6.41629 7L1.02797 12.2929C0.630406 12.6834 0.630406 13.3166 1.02797 13.7071C1.42554 14.0976 2.07012 14.0976 2.46768 13.7071L8.57585 7.70711C8.97341 7.31658 8.97341 6.68342 8.57585 6.29289L2.46768 0.292893C2.07012 -0.0976311 1.42554 -0.0976311 1.02797 0.292893Z\" fill=\"currentColor\"\/>\n<\/svg> <\/span>\n  <\/a>\n<\/div>\n            <\/div>\n          <\/div>\n<\/section>\n","protected":false},"excerpt":{"rendered":"","protected":false},"author":4,"featured_media":0,"parent":0,"menu_order":0,"comment_status":"closed","ping_status":"closed","template":"","meta":{"_acf_changed":false,"inline_featured_image":false,"footnotes":""},"class_list":["post-976","page","type-page","status-publish","hentry"],"acf":[],"yoast_head":"<!-- This site is optimized with the Yoast SEO plugin v27.5 - https:\/\/yoast.com\/product\/yoast-seo-wordpress\/ -->\n<title>Sustainable food - Fonds de dotation Compagnie Fruiti\u00e8re<\/title>\n<meta name=\"robots\" content=\"index, follow, max-snippet:-1, max-image-preview:large, max-video-preview:-1\" \/>\n<link rel=\"canonical\" href=\"https:\/\/www.fdd-cf.com\/en\/sustainable-food\/\" \/>\n<meta property=\"og:locale\" content=\"en_US\" \/>\n<meta property=\"og:type\" content=\"article\" \/>\n<meta property=\"og:title\" content=\"Sustainable food - Fonds de dotation Compagnie Fruiti\u00e8re\" \/>\n<meta property=\"og:url\" content=\"https:\/\/www.fdd-cf.com\/en\/sustainable-food\/\" \/>\n<meta property=\"og:site_name\" content=\"Fonds de dotation Compagnie Fruiti\u00e8re\" \/>\n<meta property=\"article:modified_time\" content=\"2025-06-27T08:09:59+00:00\" \/>\n<meta name=\"twitter:card\" content=\"summary_large_image\" \/>\n<script type=\"application\/ld+json\" class=\"yoast-schema-graph\">{\"@context\":\"https:\\\/\\\/schema.org\",\"@graph\":[{\"@type\":\"WebPage\",\"@id\":\"https:\\\/\\\/www.fdd-cf.com\\\/en\\\/sustainable-food\\\/\",\"url\":\"https:\\\/\\\/www.fdd-cf.com\\\/en\\\/sustainable-food\\\/\",\"name\":\"Sustainable food - Fonds de dotation Compagnie Fruiti\u00e8re\",\"isPartOf\":{\"@id\":\"https:\\\/\\\/www.fdd-cf.com\\\/#website\"},\"datePublished\":\"2022-05-28T20:09:31+00:00\",\"dateModified\":\"2025-06-27T08:09:59+00:00\",\"breadcrumb\":{\"@id\":\"https:\\\/\\\/www.fdd-cf.com\\\/en\\\/sustainable-food\\\/#breadcrumb\"},\"inLanguage\":\"en-US\",\"potentialAction\":[{\"@type\":\"ReadAction\",\"target\":[\"https:\\\/\\\/www.fdd-cf.com\\\/en\\\/sustainable-food\\\/\"]}]},{\"@type\":\"BreadcrumbList\",\"@id\":\"https:\\\/\\\/www.fdd-cf.com\\\/en\\\/sustainable-food\\\/#breadcrumb\",\"itemListElement\":[{\"@type\":\"ListItem\",\"position\":1,\"name\":\"Accueil\",\"item\":\"https:\\\/\\\/www.fdd-cf.com\\\/en\\\/\"},{\"@type\":\"ListItem\",\"position\":2,\"name\":\"Sustainable food\"}]},{\"@type\":\"WebSite\",\"@id\":\"https:\\\/\\\/www.fdd-cf.com\\\/#website\",\"url\":\"https:\\\/\\\/www.fdd-cf.com\\\/\",\"name\":\"Fonds de dotation Compagnie Fruiti\u00e8re\",\"description\":\"\",\"publisher\":{\"@id\":\"https:\\\/\\\/www.fdd-cf.com\\\/#organization\"},\"potentialAction\":[{\"@type\":\"SearchAction\",\"target\":{\"@type\":\"EntryPoint\",\"urlTemplate\":\"https:\\\/\\\/www.fdd-cf.com\\\/?s={search_term_string}\"},\"query-input\":{\"@type\":\"PropertyValueSpecification\",\"valueRequired\":true,\"valueName\":\"search_term_string\"}}],\"inLanguage\":\"en-US\"},{\"@type\":\"Organization\",\"@id\":\"https:\\\/\\\/www.fdd-cf.com\\\/#organization\",\"name\":\"Fonds de dotation Compagnie Fruiti\u00e8re\",\"url\":\"https:\\\/\\\/www.fdd-cf.com\\\/\",\"logo\":{\"@type\":\"ImageObject\",\"inLanguage\":\"en-US\",\"@id\":\"https:\\\/\\\/www.fdd-cf.com\\\/#\\\/schema\\\/logo\\\/image\\\/\",\"url\":\"https:\\\/\\\/www.fdd-cf.com\\\/wp-content\\\/uploads\\\/2023\\\/03\\\/FDDCF-logo-en-simple.svg\",\"contentUrl\":\"https:\\\/\\\/www.fdd-cf.com\\\/wp-content\\\/uploads\\\/2023\\\/03\\\/FDDCF-logo-en-simple.svg\",\"caption\":\"Fonds de dotation Compagnie Fruiti\u00e8re\"},\"image\":{\"@id\":\"https:\\\/\\\/www.fdd-cf.com\\\/#\\\/schema\\\/logo\\\/image\\\/\"}}]}<\/script>\n<!-- \/ Yoast SEO plugin. -->","yoast_head_json":{"title":"Sustainable food - Fonds de dotation Compagnie Fruiti\u00e8re","robots":{"index":"index","follow":"follow","max-snippet":"max-snippet:-1","max-image-preview":"max-image-preview:large","max-video-preview":"max-video-preview:-1"},"canonical":"https:\/\/www.fdd-cf.com\/en\/sustainable-food\/","og_locale":"en_US","og_type":"article","og_title":"Sustainable food - Fonds de dotation Compagnie Fruiti\u00e8re","og_url":"https:\/\/www.fdd-cf.com\/en\/sustainable-food\/","og_site_name":"Fonds de dotation Compagnie Fruiti\u00e8re","article_modified_time":"2025-06-27T08:09:59+00:00","twitter_card":"summary_large_image","schema":{"@context":"https:\/\/schema.org","@graph":[{"@type":"WebPage","@id":"https:\/\/www.fdd-cf.com\/en\/sustainable-food\/","url":"https:\/\/www.fdd-cf.com\/en\/sustainable-food\/","name":"Sustainable food - Fonds de dotation Compagnie Fruiti\u00e8re","isPartOf":{"@id":"https:\/\/www.fdd-cf.com\/#website"},"datePublished":"2022-05-28T20:09:31+00:00","dateModified":"2025-06-27T08:09:59+00:00","breadcrumb":{"@id":"https:\/\/www.fdd-cf.com\/en\/sustainable-food\/#breadcrumb"},"inLanguage":"en-US","potentialAction":[{"@type":"ReadAction","target":["https:\/\/www.fdd-cf.com\/en\/sustainable-food\/"]}]},{"@type":"BreadcrumbList","@id":"https:\/\/www.fdd-cf.com\/en\/sustainable-food\/#breadcrumb","itemListElement":[{"@type":"ListItem","position":1,"name":"Accueil","item":"https:\/\/www.fdd-cf.com\/en\/"},{"@type":"ListItem","position":2,"name":"Sustainable food"}]},{"@type":"WebSite","@id":"https:\/\/www.fdd-cf.com\/#website","url":"https:\/\/www.fdd-cf.com\/","name":"Fonds de dotation Compagnie Fruiti\u00e8re","description":"","publisher":{"@id":"https:\/\/www.fdd-cf.com\/#organization"},"potentialAction":[{"@type":"SearchAction","target":{"@type":"EntryPoint","urlTemplate":"https:\/\/www.fdd-cf.com\/?s={search_term_string}"},"query-input":{"@type":"PropertyValueSpecification","valueRequired":true,"valueName":"search_term_string"}}],"inLanguage":"en-US"},{"@type":"Organization","@id":"https:\/\/www.fdd-cf.com\/#organization","name":"Fonds de dotation Compagnie Fruiti\u00e8re","url":"https:\/\/www.fdd-cf.com\/","logo":{"@type":"ImageObject","inLanguage":"en-US","@id":"https:\/\/www.fdd-cf.com\/#\/schema\/logo\/image\/","url":"https:\/\/www.fdd-cf.com\/wp-content\/uploads\/2023\/03\/FDDCF-logo-en-simple.svg","contentUrl":"https:\/\/www.fdd-cf.com\/wp-content\/uploads\/2023\/03\/FDDCF-logo-en-simple.svg","caption":"Fonds de dotation Compagnie Fruiti\u00e8re"},"image":{"@id":"https:\/\/www.fdd-cf.com\/#\/schema\/logo\/image\/"}}]}},"_links":{"self":[{"href":"https:\/\/www.fdd-cf.com\/en\/wp-json\/wp\/v2\/pages\/976","targetHints":{"allow":["GET"]}}],"collection":[{"href":"https:\/\/www.fdd-cf.com\/en\/wp-json\/wp\/v2\/pages"}],"about":[{"href":"https:\/\/www.fdd-cf.com\/en\/wp-json\/wp\/v2\/types\/page"}],"author":[{"embeddable":true,"href":"https:\/\/www.fdd-cf.com\/en\/wp-json\/wp\/v2\/users\/4"}],"replies":[{"embeddable":true,"href":"https:\/\/www.fdd-cf.com\/en\/wp-json\/wp\/v2\/comments?post=976"}],"version-history":[{"count":62,"href":"https:\/\/www.fdd-cf.com\/en\/wp-json\/wp\/v2\/pages\/976\/revisions"}],"predecessor-version":[{"id":2387,"href":"https:\/\/www.fdd-cf.com\/en\/wp-json\/wp\/v2\/pages\/976\/revisions\/2387"}],"wp:attachment":[{"href":"https:\/\/www.fdd-cf.com\/en\/wp-json\/wp\/v2\/media?parent=976"}],"curies":[{"name":"wp","href":"https:\/\/api.w.org\/{rel}","templated":true}]}}